{"id":334,"date":"2025-03-15T10:26:58","date_gmt":"2025-03-15T10:26:58","guid":{"rendered":"https:\/\/meblejasinski.pl\/?page_id=334"},"modified":"2025-04-11T14:12:31","modified_gmt":"2025-04-11T14:12:31","slug":"kontakt","status":"publish","type":"page","link":"https:\/\/meblejasinski.pl\/index.php\/kontakt\/","title":{"rendered":"Kontakt"},"content":{"rendered":"\t\t<div data-elementor-type=\"wp-page\" data-elementor-id=\"334\" class=\"elementor elementor-334\" data-elementor-post-type=\"page\">\n\t\t\t\t<div class=\"elementor-element elementor-element-3625aed e-con-full e-flex e-con e-parent\" data-id=\"3625aed\" data-element_type=\"container\" data-e-type=\"container\">\n\t\t\t\t<div class=\"elementor-element elementor-element-9b70ce4 elementor--h-position-center elementor--v-position-middle elementor-arrows-position-inside elementor-pagination-position-inside elementor-widget elementor-widget-slides\" data-id=\"9b70ce4\" data-element_type=\"widget\" data-e-type=\"widget\" data-settings=\"{&quot;navigation&quot;:&quot;both&quot;,&quot;autoplay&quot;:&quot;yes&quot;,&quot;pause_on_hover&quot;:&quot;yes&quot;,&quot;pause_on_interaction&quot;:&quot;yes&quot;,&quot;autoplay_speed&quot;:5000,&quot;infinite&quot;:&quot;yes&quot;,&quot;transition&quot;:&quot;slide&quot;,&quot;transition_speed&quot;:500}\" data-widget_type=\"slides.default\">\n\t\t\t\t<div class=\"elementor-widget-container\">\n\t\t\t\t\t\t\t\t\t<div class=\"elementor-swiper\">\n\t\t\t\t\t<div class=\"elementor-slides-wrapper elementor-main-swiper swiper\" role=\"region\" aria-roledescription=\"carousel\" aria-label=\"Slides\" dir=\"ltr\" data-animation=\"fadeInUp\">\n\t\t\t\t<div class=\"swiper-wrapper elementor-slides\">\n\t\t\t\t\t\t\t\t\t\t<div class=\"elementor-repeater-item-658f527 swiper-slide\" role=\"group\" aria-roledescription=\"slide\"><div class=\"swiper-slide-bg elementor-ken-burns elementor-ken-burns--in\" role=\"img\"><\/div><div class=\"swiper-slide-inner\" ><div class=\"swiper-slide-contents\"><\/div><\/div><\/div>\t\t\t\t<\/div>\n\t\t\t\t\t\t\t<\/div>\n\t\t\t\t<\/div>\n\t\t\t\t\t\t\t\t<\/div>\n\t\t\t\t<\/div>\n\t\t\t\t<\/div>\n\t\t<div class=\"elementor-element elementor-element-501b0c9 e-flex e-con-boxed e-con e-parent\" data-id=\"501b0c9\" data-element_type=\"container\" data-e-type=\"container\">\n\t\t\t\t\t<div class=\"e-con-inner\">\n\t\t\t\t<div class=\"elementor-element elementor-element-78af6e9 elementor-widget elementor-widget-spacer\" data-id=\"78af6e9\" data-element_type=\"widget\" data-e-type=\"widget\" data-widget_type=\"spacer.default\">\n\t\t\t\t<div class=\"elementor-widget-container\">\n\t\t\t\t\t\t\t<div class=\"elementor-spacer\">\n\t\t\t<div class=\"elementor-spacer-inner\"><\/div>\n\t\t<\/div>\n\t\t\t\t\t\t<\/div>\n\t\t\t\t<\/div>\n\t\t\t\t<div class=\"elementor-element elementor-element-12cd1ca elementor-widget elementor-widget-heading\" data-id=\"12cd1ca\" data-element_type=\"widget\" data-e-type=\"widget\" data-widget_type=\"heading.default\">\n\t\t\t\t<div class=\"elementor-widget-container\">\n\t\t\t\t\t<h2 class=\"elementor-heading-title elementor-size-default\">Kontakt<\/h2>\t\t\t\t<\/div>\n\t\t\t\t<\/div>\n\t\t\t\t\t<\/div>\n\t\t\t\t<\/div>\n\t\t<div class=\"elementor-element elementor-element-e0eb45a e-flex e-con-boxed e-con e-parent\" data-id=\"e0eb45a\" data-element_type=\"container\" data-e-type=\"container\">\n\t\t\t\t\t<div class=\"e-con-inner\">\n\t\t<div class=\"elementor-element elementor-element-f9536fc e-con-full e-flex e-con e-child\" data-id=\"f9536fc\" data-element_type=\"container\" data-e-type=\"container\">\n\t\t\t\t<\/div>\n\t\t<div class=\"elementor-element elementor-element-ea4f617 e-con-full e-flex e-con e-child\" data-id=\"ea4f617\" data-element_type=\"container\" data-e-type=\"container\">\n\t\t\t\t<div class=\"elementor-element elementor-element-43fb0b1 elementor-widget elementor-widget-text-editor\" data-id=\"43fb0b1\" data-element_type=\"widget\" data-e-type=\"widget\" data-widget_type=\"text-editor.default\">\n\t\t\t\t<div class=\"elementor-widget-container\">\n\t\t\t\t\t\t\t\t\t<p>M&amp;M Meble Marcin Jasi\u0144ski<br \/>\ud83d\udccd <strong>\u0141asin, ul. Konarskiego 2<\/strong><\/p><p>\ud83d\udcde <strong>Telefon:<\/strong><br \/>\ud83d\udcf2 (56)-466 -45-15<br \/>\ud83d\udcf2 609 961 515<\/p><p>\ud83d\udce7 <strong>E-mail:<\/strong> mmsklep@o2.pl<\/p><p>\ud83d\udd52 <strong>Godziny otwarcia:<\/strong><br \/>Poniedzia\u0142ek \u2013 Pi\u0105tek: 9:00 \u2013 17:00<br \/>Sobota: 9:00 \u2013 13:00<br \/>Niedziela: Zamkni\u0119te<\/p><p>\ud83d\udca1 <strong>Masz pytania? Skontaktuj si\u0119 z nami \u2013 doradzimy i pomo\u017cemy wybra\u0107 idealne meble!<\/strong><\/p>\t\t\t\t\t\t\t\t<\/div>\n\t\t\t\t<\/div>\n\t\t\t\t<\/div>\n\t\t\t\t\t<\/div>\n\t\t\t\t<\/div>\n\t\t\t\t<\/div>\n\t\t","protected":false},"excerpt":{"rendered":"<p>Kontakt Aby wype\u0142ni\u0107 ten formularz, w\u0142\u0105cz obs\u0142ug\u0119 JavaScript w przegl\u0105darce.Aby wype\u0142ni\u0107 ten formularz, w\u0142\u0105cz obs\u0142ug\u0119 JavaScript w przegl\u0105darce. Imi\u0119 i [&hellip;]<\/p>\n","protected":false},"author":1,"featured_media":0,"parent":0,"menu_order":0,"comment_status":"closed","ping_status":"closed","template":"elementor_header_footer","meta":{"site-sidebar-layout":"no-sidebar","site-content-layout":"","ast-site-content-layout":"full-width-container","site-content-style":"default","site-sidebar-style":"default","ast-global-header-display":"","ast-banner-title-visibility":"","ast-main-header-display":"","ast-hfb-above-header-display":"","ast-hfb-below-header-display":"","ast-hfb-mobile-header-display":"","site-post-title":"disabled","ast-breadcrumbs-content":"","ast-featured-img":"disabled","footer-sml-layout":"","ast-disable-related-posts":"","theme-transparent-header-meta":"","adv-header-id-meta":"","stick-header-meta":"","header-above-stick-meta":"","header-main-stick-meta":"","header-below-stick-meta":"","astra-migrate-meta-layouts":"default","ast-page-background-enabled":"default","ast-page-background-meta":{"desktop":{"background-color":"var(--ast-global-color-5)","background-image":"","background-repeat":"repeat","background-position":"center center","background-size":"auto","background-attachment":"scroll","background-type":"","background-media":"","overlay-type":"","overlay-color":"","overlay-opacity":"","overlay-gradient":""},"tablet":{"background-color":"","background-image":"","background-repeat":"repeat","background-position":"center center","background-size":"auto","background-attachment":"scroll","background-type":"","background-media":"","overlay-type":"","overlay-color":"","overlay-opacity":"","overlay-gradient":""},"mobile":{"background-color":"","background-image":"","background-repeat":"repeat","background-position":"center center","background-size":"auto","background-attachment":"scroll","background-type":"","background-media":"","overlay-type":"","overlay-color":"","overlay-opacity":"","overlay-gradient":""}},"ast-content-background-meta":{"desktop":{"background-color":"var(--ast-global-color-4)","background-image":"","background-repeat":"repeat","background-position":"center center","background-size":"auto","background-attachment":"scroll","background-type":"","background-media":"","overlay-type":"","overlay-color":"","overlay-opacity":"","overlay-gradient":""},"tablet":{"background-color":"var(--ast-global-color-4)","background-image":"","background-repeat":"repeat","background-position":"center center","background-size":"auto","background-attachment":"scroll","background-type":"","background-media":"","overlay-type":"","overlay-color":"","overlay-opacity":"","overlay-gradient":""},"mobile":{"background-color":"var(--ast-global-color-4)","background-image":"","background-repeat":"repeat","background-position":"center center","background-size":"auto","background-attachment":"scroll","background-type":"","background-media":"","overlay-type":"","overlay-color":"","overlay-opacity":"","overlay-gradient":""}},"footnotes":""},"class_list":["post-334","page","type-page","status-publish","hentry"],"yoast_head":"<!-- This site is optimized with the Yoast SEO plugin v27.1.1 - https:\/\/yoast.com\/product\/yoast-seo-wordpress\/ -->\n<title>Kontakt - Meble na wymiar \u0141asin, Grudzi\u0105dz, W\u0105brze\u017ano - Meble kuchenne i tapicerowane | Meble Jasi\u0144ski<\/title>\n<meta name=\"robots\" content=\"index, follow, max-snippet:-1, max-image-preview:large, max-video-preview:-1\" \/>\n<link rel=\"canonical\" href=\"https:\/\/meblejasinski.pl\/index.php\/kontakt\/\" \/>\n<meta property=\"og:locale\" content=\"pl_PL\" \/>\n<meta property=\"og:type\" content=\"article\" \/>\n<meta property=\"og:title\" content=\"Kontakt - Meble na wymiar \u0141asin, Grudzi\u0105dz, W\u0105brze\u017ano - Meble kuchenne i tapicerowane | Meble Jasi\u0144ski\" \/>\n<meta property=\"og:description\" content=\"Kontakt Aby wype\u0142ni\u0107 ten formularz, w\u0142\u0105cz obs\u0142ug\u0119 JavaScript w przegl\u0105darce.Aby wype\u0142ni\u0107 ten formularz, w\u0142\u0105cz obs\u0142ug\u0119 JavaScript w przegl\u0105darce. Imi\u0119 i [&hellip;]\" \/>\n<meta property=\"og:url\" content=\"https:\/\/meblejasinski.pl\/index.php\/kontakt\/\" \/>\n<meta property=\"og:site_name\" content=\"Meble na wymiar \u0141asin, Grudzi\u0105dz, W\u0105brze\u017ano - Meble kuchenne i tapicerowane | Meble Jasi\u0144ski\" \/>\n<meta property=\"article:publisher\" content=\"https:\/\/www.facebook.com\/mmsklep\" \/>\n<meta property=\"article:modified_time\" content=\"2025-04-11T14:12:31+00:00\" \/>\n<meta property=\"og:image\" content=\"https:\/\/meblejasinski.pl\/wp-content\/plugins\/wpforms-lite\/assets\/images\/submit-spin.svg\" \/>\n<meta name=\"twitter:card\" content=\"summary_large_image\" \/>\n<script type=\"application\/ld+json\" class=\"yoast-schema-graph\">{\"@context\":\"https:\/\/schema.org\",\"@graph\":[{\"@type\":\"WebPage\",\"@id\":\"https:\/\/meblejasinski.pl\/index.php\/kontakt\/\",\"url\":\"https:\/\/meblejasinski.pl\/index.php\/kontakt\/\",\"name\":\"Kontakt - Meble na wymiar \u0141asin, Grudzi\u0105dz, W\u0105brze\u017ano - Meble kuchenne i tapicerowane | Meble Jasi\u0144ski\",\"isPartOf\":{\"@id\":\"https:\/\/meblejasinski.pl\/#website\"},\"primaryImageOfPage\":{\"@id\":\"https:\/\/meblejasinski.pl\/index.php\/kontakt\/#primaryimage\"},\"image\":{\"@id\":\"https:\/\/meblejasinski.pl\/index.php\/kontakt\/#primaryimage\"},\"thumbnailUrl\":\"https:\/\/meblejasinski.pl\/wp-content\/plugins\/wpforms-lite\/assets\/images\/submit-spin.svg\",\"datePublished\":\"2025-03-15T10:26:58+00:00\",\"dateModified\":\"2025-04-11T14:12:31+00:00\",\"breadcrumb\":{\"@id\":\"https:\/\/meblejasinski.pl\/index.php\/kontakt\/#breadcrumb\"},\"inLanguage\":\"pl-PL\",\"potentialAction\":[{\"@type\":\"ReadAction\",\"target\":[\"https:\/\/meblejasinski.pl\/index.php\/kontakt\/\"]}]},{\"@type\":\"ImageObject\",\"inLanguage\":\"pl-PL\",\"@id\":\"https:\/\/meblejasinski.pl\/index.php\/kontakt\/#primaryimage\",\"url\":\"https:\/\/meblejasinski.pl\/wp-content\/plugins\/wpforms-lite\/assets\/images\/submit-spin.svg\",\"contentUrl\":\"https:\/\/meblejasinski.pl\/wp-content\/plugins\/wpforms-lite\/assets\/images\/submit-spin.svg\"},{\"@type\":\"BreadcrumbList\",\"@id\":\"https:\/\/meblejasinski.pl\/index.php\/kontakt\/#breadcrumb\",\"itemListElement\":[{\"@type\":\"ListItem\",\"position\":1,\"name\":\"Strona g\u0142\u00f3wna\",\"item\":\"https:\/\/meblejasinski.pl\/\"},{\"@type\":\"ListItem\",\"position\":2,\"name\":\"Kontakt\"}]},{\"@type\":\"WebSite\",\"@id\":\"https:\/\/meblejasinski.pl\/#website\",\"url\":\"https:\/\/meblejasinski.pl\/\",\"name\":\"Meble na wymiar \u0141asin, Grudzi\u0105dz, W\u0105brze\u017ano - Meble kuchenne i tapicerowane | Meble Jasi\u0144ski\",\"description\":\"Sklep meblowy M&amp;M \u0141asin MArcin Jasi\u0144ski\",\"publisher\":{\"@id\":\"https:\/\/meblejasinski.pl\/#organization\"},\"potentialAction\":[{\"@type\":\"SearchAction\",\"target\":{\"@type\":\"EntryPoint\",\"urlTemplate\":\"https:\/\/meblejasinski.pl\/?s={search_term_string}\"},\"query-input\":{\"@type\":\"PropertyValueSpecification\",\"valueRequired\":true,\"valueName\":\"search_term_string\"}}],\"inLanguage\":\"pl-PL\"},{\"@type\":\"Organization\",\"@id\":\"https:\/\/meblejasinski.pl\/#organization\",\"name\":\"Meble na wymiar \u0141asin, Grudzi\u0105dz, W\u0105brze\u017ano - Meble kuchenne i tapicerowane | Meble Jasi\u0144ski\",\"url\":\"https:\/\/meblejasinski.pl\/\",\"logo\":{\"@type\":\"ImageObject\",\"inLanguage\":\"pl-PL\",\"@id\":\"https:\/\/meblejasinski.pl\/#\/schema\/logo\/image\/\",\"url\":\"https:\/\/meblejasinski.pl\/wp-content\/uploads\/2025\/03\/logo.gif\",\"contentUrl\":\"https:\/\/meblejasinski.pl\/wp-content\/uploads\/2025\/03\/logo.gif\",\"width\":1068,\"height\":570,\"caption\":\"Meble na wymiar \u0141asin, Grudzi\u0105dz, W\u0105brze\u017ano - Meble kuchenne i tapicerowane | Meble Jasi\u0144ski\"},\"image\":{\"@id\":\"https:\/\/meblejasinski.pl\/#\/schema\/logo\/image\/\"},\"sameAs\":[\"https:\/\/www.facebook.com\/mmsklep\"]}]}<\/script>\n<!-- \/ Yoast SEO plugin. -->","yoast_head_json":{"title":"Kontakt - Meble na wymiar \u0141asin, Grudzi\u0105dz, W\u0105brze\u017ano - Meble kuchenne i tapicerowane | Meble Jasi\u0144ski","robots":{"index":"index","follow":"follow","max-snippet":"max-snippet:-1","max-image-preview":"max-image-preview:large","max-video-preview":"max-video-preview:-1"},"canonical":"https:\/\/meblejasinski.pl\/index.php\/kontakt\/","og_locale":"pl_PL","og_type":"article","og_title":"Kontakt - Meble na wymiar \u0141asin, Grudzi\u0105dz, W\u0105brze\u017ano - Meble kuchenne i tapicerowane | Meble Jasi\u0144ski","og_description":"Kontakt Aby wype\u0142ni\u0107 ten formularz, w\u0142\u0105cz obs\u0142ug\u0119 JavaScript w przegl\u0105darce.Aby wype\u0142ni\u0107 ten formularz, w\u0142\u0105cz obs\u0142ug\u0119 JavaScript w przegl\u0105darce. Imi\u0119 i [&hellip;]","og_url":"https:\/\/meblejasinski.pl\/index.php\/kontakt\/","og_site_name":"Meble na wymiar \u0141asin, Grudzi\u0105dz, W\u0105brze\u017ano - Meble kuchenne i tapicerowane | Meble Jasi\u0144ski","article_publisher":"https:\/\/www.facebook.com\/mmsklep","article_modified_time":"2025-04-11T14:12:31+00:00","og_image":[{"url":"https:\/\/meblejasinski.pl\/wp-content\/plugins\/wpforms-lite\/assets\/images\/submit-spin.svg","type":"","width":"","height":""}],"twitter_card":"summary_large_image","schema":{"@context":"https:\/\/schema.org","@graph":[{"@type":"WebPage","@id":"https:\/\/meblejasinski.pl\/index.php\/kontakt\/","url":"https:\/\/meblejasinski.pl\/index.php\/kontakt\/","name":"Kontakt - Meble na wymiar \u0141asin, Grudzi\u0105dz, W\u0105brze\u017ano - Meble kuchenne i tapicerowane | Meble Jasi\u0144ski","isPartOf":{"@id":"https:\/\/meblejasinski.pl\/#website"},"primaryImageOfPage":{"@id":"https:\/\/meblejasinski.pl\/index.php\/kontakt\/#primaryimage"},"image":{"@id":"https:\/\/meblejasinski.pl\/index.php\/kontakt\/#primaryimage"},"thumbnailUrl":"https:\/\/meblejasinski.pl\/wp-content\/plugins\/wpforms-lite\/assets\/images\/submit-spin.svg","datePublished":"2025-03-15T10:26:58+00:00","dateModified":"2025-04-11T14:12:31+00:00","breadcrumb":{"@id":"https:\/\/meblejasinski.pl\/index.php\/kontakt\/#breadcrumb"},"inLanguage":"pl-PL","potentialAction":[{"@type":"ReadAction","target":["https:\/\/meblejasinski.pl\/index.php\/kontakt\/"]}]},{"@type":"ImageObject","inLanguage":"pl-PL","@id":"https:\/\/meblejasinski.pl\/index.php\/kontakt\/#primaryimage","url":"https:\/\/meblejasinski.pl\/wp-content\/plugins\/wpforms-lite\/assets\/images\/submit-spin.svg","contentUrl":"https:\/\/meblejasinski.pl\/wp-content\/plugins\/wpforms-lite\/assets\/images\/submit-spin.svg"},{"@type":"BreadcrumbList","@id":"https:\/\/meblejasinski.pl\/index.php\/kontakt\/#breadcrumb","itemListElement":[{"@type":"ListItem","position":1,"name":"Strona g\u0142\u00f3wna","item":"https:\/\/meblejasinski.pl\/"},{"@type":"ListItem","position":2,"name":"Kontakt"}]},{"@type":"WebSite","@id":"https:\/\/meblejasinski.pl\/#website","url":"https:\/\/meblejasinski.pl\/","name":"Meble na wymiar \u0141asin, Grudzi\u0105dz, W\u0105brze\u017ano - Meble kuchenne i tapicerowane | Meble Jasi\u0144ski","description":"Sklep meblowy M&amp;M \u0141asin MArcin Jasi\u0144ski","publisher":{"@id":"https:\/\/meblejasinski.pl\/#organization"},"potentialAction":[{"@type":"SearchAction","target":{"@type":"EntryPoint","urlTemplate":"https:\/\/meblejasinski.pl\/?s={search_term_string}"},"query-input":{"@type":"PropertyValueSpecification","valueRequired":true,"valueName":"search_term_string"}}],"inLanguage":"pl-PL"},{"@type":"Organization","@id":"https:\/\/meblejasinski.pl\/#organization","name":"Meble na wymiar \u0141asin, Grudzi\u0105dz, W\u0105brze\u017ano - Meble kuchenne i tapicerowane | Meble Jasi\u0144ski","url":"https:\/\/meblejasinski.pl\/","logo":{"@type":"ImageObject","inLanguage":"pl-PL","@id":"https:\/\/meblejasinski.pl\/#\/schema\/logo\/image\/","url":"https:\/\/meblejasinski.pl\/wp-content\/uploads\/2025\/03\/logo.gif","contentUrl":"https:\/\/meblejasinski.pl\/wp-content\/uploads\/2025\/03\/logo.gif","width":1068,"height":570,"caption":"Meble na wymiar \u0141asin, Grudzi\u0105dz, W\u0105brze\u017ano - Meble kuchenne i tapicerowane | Meble Jasi\u0144ski"},"image":{"@id":"https:\/\/meblejasinski.pl\/#\/schema\/logo\/image\/"},"sameAs":["https:\/\/www.facebook.com\/mmsklep"]}]}},"_links":{"self":[{"href":"https:\/\/meblejasinski.pl\/index.php\/wp-json\/wp\/v2\/pages\/334","targetHints":{"allow":["GET"]}}],"collection":[{"href":"https:\/\/meblejasinski.pl\/index.php\/wp-json\/wp\/v2\/pages"}],"about":[{"href":"https:\/\/meblejasinski.pl\/index.php\/wp-json\/wp\/v2\/types\/page"}],"author":[{"embeddable":true,"href":"https:\/\/meblejasinski.pl\/index.php\/wp-json\/wp\/v2\/users\/1"}],"replies":[{"embeddable":true,"href":"https:\/\/meblejasinski.pl\/index.php\/wp-json\/wp\/v2\/comments?post=334"}],"version-history":[{"count":19,"href":"https:\/\/meblejasinski.pl\/index.php\/wp-json\/wp\/v2\/pages\/334\/revisions"}],"predecessor-version":[{"id":375,"href":"https:\/\/meblejasinski.pl\/index.php\/wp-json\/wp\/v2\/pages\/334\/revisions\/375"}],"wp:attachment":[{"href":"https:\/\/meblejasinski.pl\/index.php\/wp-json\/wp\/v2\/media?parent=334"}],"curies":[{"name":"wp","href":"https:\/\/api.w.org\/{rel}","templated":true}]}}