{"id":319,"date":"2025-03-15T10:16:03","date_gmt":"2025-03-15T10:16:03","guid":{"rendered":"https:\/\/meblejasinski.pl\/?page_id=319"},"modified":"2025-04-13T07:58:42","modified_gmt":"2025-04-13T07:58:42","slug":"oferta","status":"publish","type":"page","link":"https:\/\/meblejasinski.pl\/index.php\/oferta\/","title":{"rendered":"Oferta"},"content":{"rendered":"\t\t<div data-elementor-type=\"wp-page\" data-elementor-id=\"319\" class=\"elementor elementor-319\" data-elementor-post-type=\"page\">\n\t\t\t\t<div class=\"elementor-element elementor-element-c0f350a e-con-full e-flex e-con e-parent\" data-id=\"c0f350a\" data-element_type=\"container\" data-e-type=\"container\">\n\t\t\t\t<div class=\"elementor-element elementor-element-d45c570 elementor--h-position-center elementor--v-position-middle elementor-arrows-position-inside elementor-pagination-position-inside elementor-widget elementor-widget-slides\" data-id=\"d45c570\" data-element_type=\"widget\" data-e-type=\"widget\" data-settings=\"{&quot;navigation&quot;:&quot;both&quot;,&quot;autoplay&quot;:&quot;yes&quot;,&quot;pause_on_hover&quot;:&quot;yes&quot;,&quot;pause_on_interaction&quot;:&quot;yes&quot;,&quot;autoplay_speed&quot;:5000,&quot;infinite&quot;:&quot;yes&quot;,&quot;transition&quot;:&quot;slide&quot;,&quot;transition_speed&quot;:500}\" data-widget_type=\"slides.default\">\n\t\t\t\t<div class=\"elementor-widget-container\">\n\t\t\t\t\t\t\t\t\t<div class=\"elementor-swiper\">\n\t\t\t\t\t<div class=\"elementor-slides-wrapper elementor-main-swiper swiper\" role=\"region\" aria-roledescription=\"carousel\" aria-label=\"Slides\" dir=\"ltr\" data-animation=\"fadeInUp\">\n\t\t\t\t<div class=\"swiper-wrapper elementor-slides\">\n\t\t\t\t\t\t\t\t\t\t<div class=\"elementor-repeater-item-59c6beb swiper-slide\" role=\"group\" aria-roledescription=\"slide\"><div class=\"swiper-slide-bg elementor-ken-burns elementor-ken-burns--in\" role=\"img\"><\/div><div class=\"swiper-slide-inner\" ><div class=\"swiper-slide-contents\"><\/div><\/div><\/div>\t\t\t\t<\/div>\n\t\t\t\t\t\t\t<\/div>\n\t\t\t\t<\/div>\n\t\t\t\t\t\t\t\t<\/div>\n\t\t\t\t<\/div>\n\t\t\t\t<\/div>\n\t\t<div class=\"elementor-element elementor-element-7bfee9b e-flex e-con-boxed e-con e-parent\" data-id=\"7bfee9b\" data-element_type=\"container\" data-e-type=\"container\">\n\t\t\t\t\t<div class=\"e-con-inner\">\n\t\t\t\t<div class=\"elementor-element elementor-element-ef0297d elementor-widget elementor-widget-spacer\" data-id=\"ef0297d\" data-element_type=\"widget\" data-e-type=\"widget\" data-widget_type=\"spacer.default\">\n\t\t\t\t<div class=\"elementor-widget-container\">\n\t\t\t\t\t\t\t<div class=\"elementor-spacer\">\n\t\t\t<div class=\"elementor-spacer-inner\"><\/div>\n\t\t<\/div>\n\t\t\t\t\t\t<\/div>\n\t\t\t\t<\/div>\n\t\t\t\t<div class=\"elementor-element elementor-element-d6c1cda animated-slow elementor-invisible elementor-widget elementor-widget-heading\" data-id=\"d6c1cda\" data-element_type=\"widget\" data-e-type=\"widget\" data-settings=\"{&quot;_animation&quot;:&quot;fadeInUp&quot;}\" data-widget_type=\"heading.default\">\n\t\t\t\t<div class=\"elementor-widget-container\">\n\t\t\t\t\t<h2 class=\"elementor-heading-title elementor-size-default\">Oferta<\/h2>\t\t\t\t<\/div>\n\t\t\t\t<\/div>\n\t\t\t\t\t<\/div>\n\t\t\t\t<\/div>\n\t\t<div class=\"elementor-element elementor-element-2919a8e e-flex e-con-boxed e-con e-parent\" data-id=\"2919a8e\" data-element_type=\"container\" data-e-type=\"container\">\n\t\t\t\t\t<div class=\"e-con-inner\">\n\t\t<div class=\"elementor-element elementor-element-2d9dd93 e-con-full animated-slow e-flex elementor-invisible e-con e-child\" data-id=\"2d9dd93\" data-element_type=\"container\" data-e-type=\"container\" data-settings=\"{&quot;animation&quot;:&quot;fadeInLeft&quot;}\">\n\t\t\t\t<div class=\"elementor-element elementor-element-7837878 elementor-widget elementor-widget-text-editor\" data-id=\"7837878\" data-element_type=\"widget\" data-e-type=\"widget\" data-widget_type=\"text-editor.default\">\n\t\t\t\t<div class=\"elementor-widget-container\">\n\t\t\t\t\t\t\t\t\t<p>\ud83d\udecb <strong>Meble do salonu i pokoju dziennego<\/strong><br \/>\u2705 Nowoczesne i klasyczne meble systemowe<br \/>\u2705 Komody, witryny, szafki RTV, rega\u0142y<\/p><p>\ud83c\udf7d <strong>Meble kuchenne<\/strong><br \/>\u2705 Gotowe zestawy i kuchnie modu\u0142owe<br \/>\u2705 Meble kuchenne <strong>na wymiar<\/strong> \u2013 dopasowane do Twojego wn\u0119trza<\/p><p>\ud83d\udecf <strong>Meble do sypialni<\/strong><br \/>\u2705 \u0141\u00f3\u017cka, szafy, toaletki, stoliki nocne<br \/>\u2705 Garderoby na zam\u00f3wienie<\/p><p>\ud83d\udeaa <strong>Meble na wymiar<\/strong><br \/>\u2705 Szafy wn\u0119kowe, zabudowy poddasza<br \/>\u2705 Szafki \u0142azienkowe, rega\u0142y na wymiar<\/p><p>\ud83d\udce2 <strong>Dodatkowe produkty<\/strong><br \/>\u2705 Rolety, moskitiery, wyk\u0142adziny<\/p><p>\ud83d\udca1 <strong>Realizujemy indywidualne zam\u00f3wienia!<\/strong> Skontaktuj si\u0119 z nami i zaprojektuj wymarzone wn\u0119trze.<\/p>\t\t\t\t\t\t\t\t<\/div>\n\t\t\t\t<\/div>\n\t\t\t\t<\/div>\n\t\t<div class=\"elementor-element elementor-element-7998631 e-con-full animated-slow e-flex elementor-invisible e-con e-child\" data-id=\"7998631\" data-element_type=\"container\" data-e-type=\"container\" data-settings=\"{&quot;animation&quot;:&quot;fadeInRight&quot;}\">\n\t\t\t\t<div class=\"elementor-element elementor-element-5155f09 elementor-widget elementor-widget-text-editor\" data-id=\"5155f09\" data-element_type=\"widget\" data-e-type=\"widget\" data-widget_type=\"text-editor.default\">\n\t\t\t\t<div class=\"elementor-widget-container\">\n\t\t\t\t\t\t\t\t\t<p>\ud83d\udcb0 <strong>Zakupy na raty<\/strong><br \/>Nie musisz p\u0142aci\u0107 ca\u0142ej kwoty od razu! Oferujemy atrakcyjne <strong>warunki ratalne<\/strong>, kt\u00f3re pozwol\u0105 Ci roz\u0142o\u017cy\u0107 p\u0142atno\u015b\u0107 na dogodne raty. Formalno\u015bci za\u0142atwiamy na miejscu w naszym salonie!<\/p><p>\ud83d\ude9a <strong>Transport i monta\u017c<\/strong><br \/>Zakupione u nas meble dostarczymy prosto do Twojego domu. Oferujemy <strong>profesjonalny monta\u017c<\/strong> i pomoc w ustawieniu mebli. Dzia\u0142amy na terenie <strong>\u0141asina i okolicznych miejscowo\u015bci<\/strong>.<\/p><p>Skontaktuj si\u0119 z nami, a przedstawimy Ci szczeg\u00f3\u0142y naszej oferty!<\/p>\t\t\t\t\t\t\t\t<\/div>\n\t\t\t\t<\/div>\n\t\t\t\t<\/div>\n\t\t\t\t\t<\/div>\n\t\t\t\t<\/div>\n\t\t\t\t<\/div>\n\t\t","protected":false},"excerpt":{"rendered":"<p>Oferta \ud83d\udecb Meble do salonu i pokoju dziennego\u2705 Nowoczesne i klasyczne meble systemowe\u2705 Komody, witryny, szafki RTV, rega\u0142y \ud83c\udf7d Meble [&hellip;]<\/p>\n","protected":false},"author":1,"featured_media":0,"parent":0,"menu_order":0,"comment_status":"closed","ping_status":"closed","template":"elementor_header_footer","meta":{"site-sidebar-layout":"no-sidebar","site-content-layout":"","ast-site-content-layout":"full-width-container","site-content-style":"default","site-sidebar-style":"default","ast-global-header-display":"","ast-banner-title-visibility":"","ast-main-header-display":"","ast-hfb-above-header-display":"","ast-hfb-below-header-display":"","ast-hfb-mobile-header-display":"","site-post-title":"disabled","ast-breadcrumbs-content":"","ast-featured-img":"disabled","footer-sml-layout":"","ast-disable-related-posts":"","theme-transparent-header-meta":"","adv-header-id-meta":"","stick-header-meta":"","header-above-stick-meta":"","header-main-stick-meta":"","header-below-stick-meta":"","astra-migrate-meta-layouts":"default","ast-page-background-enabled":"default","ast-page-background-meta":{"desktop":{"background-color":"var(--ast-global-color-5)","background-image":"","background-repeat":"repeat","background-position":"center center","background-size":"auto","background-attachment":"scroll","background-type":"","background-media":"","overlay-type":"","overlay-color":"","overlay-opacity":"","overlay-gradient":""},"tablet":{"background-color":"","background-image":"","background-repeat":"repeat","background-position":"center center","background-size":"auto","background-attachment":"scroll","background-type":"","background-media":"","overlay-type":"","overlay-color":"","overlay-opacity":"","overlay-gradient":""},"mobile":{"background-color":"","background-image":"","background-repeat":"repeat","background-position":"center center","background-size":"auto","background-attachment":"scroll","background-type":"","background-media":"","overlay-type":"","overlay-color":"","overlay-opacity":"","overlay-gradient":""}},"ast-content-background-meta":{"desktop":{"background-color":"var(--ast-global-color-4)","background-image":"","background-repeat":"repeat","background-position":"center center","background-size":"auto","background-attachment":"scroll","background-type":"","background-media":"","overlay-type":"","overlay-color":"","overlay-opacity":"","overlay-gradient":""},"tablet":{"background-color":"var(--ast-global-color-4)","background-image":"","background-repeat":"repeat","background-position":"center center","background-size":"auto","background-attachment":"scroll","background-type":"","background-media":"","overlay-type":"","overlay-color":"","overlay-opacity":"","overlay-gradient":""},"mobile":{"background-color":"var(--ast-global-color-4)","background-image":"","background-repeat":"repeat","background-position":"center center","background-size":"auto","background-attachment":"scroll","background-type":"","background-media":"","overlay-type":"","overlay-color":"","overlay-opacity":"","overlay-gradient":""}},"footnotes":""},"class_list":["post-319","page","type-page","status-publish","hentry"],"yoast_head":"<!-- This site is optimized with the Yoast SEO plugin v27.1.1 - https:\/\/yoast.com\/product\/yoast-seo-wordpress\/ -->\n<title>Oferta - Meble na wymiar \u0141asin, Grudzi\u0105dz, W\u0105brze\u017ano - Meble kuchenne i tapicerowane | Meble Jasi\u0144ski<\/title>\n<meta name=\"robots\" content=\"index, follow, max-snippet:-1, max-image-preview:large, max-video-preview:-1\" \/>\n<link rel=\"canonical\" href=\"https:\/\/meblejasinski.pl\/index.php\/oferta\/\" \/>\n<meta property=\"og:locale\" content=\"pl_PL\" \/>\n<meta property=\"og:type\" content=\"article\" \/>\n<meta property=\"og:title\" content=\"Oferta - Meble na wymiar \u0141asin, Grudzi\u0105dz, W\u0105brze\u017ano - Meble kuchenne i tapicerowane | Meble Jasi\u0144ski\" \/>\n<meta property=\"og:description\" content=\"Oferta \ud83d\udecb Meble do salonu i pokoju dziennego\u2705 Nowoczesne i klasyczne meble systemowe\u2705 Komody, witryny, szafki RTV, rega\u0142y \ud83c\udf7d Meble [&hellip;]\" \/>\n<meta property=\"og:url\" content=\"https:\/\/meblejasinski.pl\/index.php\/oferta\/\" \/>\n<meta property=\"og:site_name\" content=\"Meble na wymiar \u0141asin, Grudzi\u0105dz, W\u0105brze\u017ano - Meble kuchenne i tapicerowane | Meble Jasi\u0144ski\" \/>\n<meta property=\"article:publisher\" content=\"https:\/\/www.facebook.com\/mmsklep\" \/>\n<meta property=\"article:modified_time\" content=\"2025-04-13T07:58:42+00:00\" \/>\n<meta name=\"twitter:card\" content=\"summary_large_image\" \/>\n<meta name=\"twitter:label1\" content=\"Szacowany czas czytania\" \/>\n\t<meta name=\"twitter:data1\" content=\"1 minuta\" \/>\n<script type=\"application\/ld+json\" class=\"yoast-schema-graph\">{\"@context\":\"https:\/\/schema.org\",\"@graph\":[{\"@type\":\"WebPage\",\"@id\":\"https:\/\/meblejasinski.pl\/index.php\/oferta\/\",\"url\":\"https:\/\/meblejasinski.pl\/index.php\/oferta\/\",\"name\":\"Oferta - Meble na wymiar \u0141asin, Grudzi\u0105dz, W\u0105brze\u017ano - Meble kuchenne i tapicerowane | Meble Jasi\u0144ski\",\"isPartOf\":{\"@id\":\"https:\/\/meblejasinski.pl\/#website\"},\"datePublished\":\"2025-03-15T10:16:03+00:00\",\"dateModified\":\"2025-04-13T07:58:42+00:00\",\"breadcrumb\":{\"@id\":\"https:\/\/meblejasinski.pl\/index.php\/oferta\/#breadcrumb\"},\"inLanguage\":\"pl-PL\",\"potentialAction\":[{\"@type\":\"ReadAction\",\"target\":[\"https:\/\/meblejasinski.pl\/index.php\/oferta\/\"]}]},{\"@type\":\"BreadcrumbList\",\"@id\":\"https:\/\/meblejasinski.pl\/index.php\/oferta\/#breadcrumb\",\"itemListElement\":[{\"@type\":\"ListItem\",\"position\":1,\"name\":\"Strona g\u0142\u00f3wna\",\"item\":\"https:\/\/meblejasinski.pl\/\"},{\"@type\":\"ListItem\",\"position\":2,\"name\":\"Oferta\"}]},{\"@type\":\"WebSite\",\"@id\":\"https:\/\/meblejasinski.pl\/#website\",\"url\":\"https:\/\/meblejasinski.pl\/\",\"name\":\"Meble na wymiar \u0141asin, Grudzi\u0105dz, W\u0105brze\u017ano - Meble kuchenne i tapicerowane | Meble Jasi\u0144ski\",\"description\":\"Sklep meblowy M&amp;M \u0141asin MArcin Jasi\u0144ski\",\"publisher\":{\"@id\":\"https:\/\/meblejasinski.pl\/#organization\"},\"potentialAction\":[{\"@type\":\"SearchAction\",\"target\":{\"@type\":\"EntryPoint\",\"urlTemplate\":\"https:\/\/meblejasinski.pl\/?s={search_term_string}\"},\"query-input\":{\"@type\":\"PropertyValueSpecification\",\"valueRequired\":true,\"valueName\":\"search_term_string\"}}],\"inLanguage\":\"pl-PL\"},{\"@type\":\"Organization\",\"@id\":\"https:\/\/meblejasinski.pl\/#organization\",\"name\":\"Meble na wymiar \u0141asin, Grudzi\u0105dz, W\u0105brze\u017ano - Meble kuchenne i tapicerowane | Meble Jasi\u0144ski\",\"url\":\"https:\/\/meblejasinski.pl\/\",\"logo\":{\"@type\":\"ImageObject\",\"inLanguage\":\"pl-PL\",\"@id\":\"https:\/\/meblejasinski.pl\/#\/schema\/logo\/image\/\",\"url\":\"https:\/\/meblejasinski.pl\/wp-content\/uploads\/2025\/03\/logo.gif\",\"contentUrl\":\"https:\/\/meblejasinski.pl\/wp-content\/uploads\/2025\/03\/logo.gif\",\"width\":1068,\"height\":570,\"caption\":\"Meble na wymiar \u0141asin, Grudzi\u0105dz, W\u0105brze\u017ano - Meble kuchenne i tapicerowane | Meble Jasi\u0144ski\"},\"image\":{\"@id\":\"https:\/\/meblejasinski.pl\/#\/schema\/logo\/image\/\"},\"sameAs\":[\"https:\/\/www.facebook.com\/mmsklep\"]}]}<\/script>\n<!-- \/ Yoast SEO plugin. -->","yoast_head_json":{"title":"Oferta - Meble na wymiar \u0141asin, Grudzi\u0105dz, W\u0105brze\u017ano - Meble kuchenne i tapicerowane | Meble Jasi\u0144ski","robots":{"index":"index","follow":"follow","max-snippet":"max-snippet:-1","max-image-preview":"max-image-preview:large","max-video-preview":"max-video-preview:-1"},"canonical":"https:\/\/meblejasinski.pl\/index.php\/oferta\/","og_locale":"pl_PL","og_type":"article","og_title":"Oferta - Meble na wymiar \u0141asin, Grudzi\u0105dz, W\u0105brze\u017ano - Meble kuchenne i tapicerowane | Meble Jasi\u0144ski","og_description":"Oferta \ud83d\udecb Meble do salonu i pokoju dziennego\u2705 Nowoczesne i klasyczne meble systemowe\u2705 Komody, witryny, szafki RTV, rega\u0142y \ud83c\udf7d Meble [&hellip;]","og_url":"https:\/\/meblejasinski.pl\/index.php\/oferta\/","og_site_name":"Meble na wymiar \u0141asin, Grudzi\u0105dz, W\u0105brze\u017ano - Meble kuchenne i tapicerowane | Meble Jasi\u0144ski","article_publisher":"https:\/\/www.facebook.com\/mmsklep","article_modified_time":"2025-04-13T07:58:42+00:00","twitter_card":"summary_large_image","twitter_misc":{"Szacowany czas czytania":"1 minuta"},"schema":{"@context":"https:\/\/schema.org","@graph":[{"@type":"WebPage","@id":"https:\/\/meblejasinski.pl\/index.php\/oferta\/","url":"https:\/\/meblejasinski.pl\/index.php\/oferta\/","name":"Oferta - Meble na wymiar \u0141asin, Grudzi\u0105dz, W\u0105brze\u017ano - Meble kuchenne i tapicerowane | Meble Jasi\u0144ski","isPartOf":{"@id":"https:\/\/meblejasinski.pl\/#website"},"datePublished":"2025-03-15T10:16:03+00:00","dateModified":"2025-04-13T07:58:42+00:00","breadcrumb":{"@id":"https:\/\/meblejasinski.pl\/index.php\/oferta\/#breadcrumb"},"inLanguage":"pl-PL","potentialAction":[{"@type":"ReadAction","target":["https:\/\/meblejasinski.pl\/index.php\/oferta\/"]}]},{"@type":"BreadcrumbList","@id":"https:\/\/meblejasinski.pl\/index.php\/oferta\/#breadcrumb","itemListElement":[{"@type":"ListItem","position":1,"name":"Strona g\u0142\u00f3wna","item":"https:\/\/meblejasinski.pl\/"},{"@type":"ListItem","position":2,"name":"Oferta"}]},{"@type":"WebSite","@id":"https:\/\/meblejasinski.pl\/#website","url":"https:\/\/meblejasinski.pl\/","name":"Meble na wymiar \u0141asin, Grudzi\u0105dz, W\u0105brze\u017ano - Meble kuchenne i tapicerowane | Meble Jasi\u0144ski","description":"Sklep meblowy M&amp;M \u0141asin MArcin Jasi\u0144ski","publisher":{"@id":"https:\/\/meblejasinski.pl\/#organization"},"potentialAction":[{"@type":"SearchAction","target":{"@type":"EntryPoint","urlTemplate":"https:\/\/meblejasinski.pl\/?s={search_term_string}"},"query-input":{"@type":"PropertyValueSpecification","valueRequired":true,"valueName":"search_term_string"}}],"inLanguage":"pl-PL"},{"@type":"Organization","@id":"https:\/\/meblejasinski.pl\/#organization","name":"Meble na wymiar \u0141asin, Grudzi\u0105dz, W\u0105brze\u017ano - Meble kuchenne i tapicerowane | Meble Jasi\u0144ski","url":"https:\/\/meblejasinski.pl\/","logo":{"@type":"ImageObject","inLanguage":"pl-PL","@id":"https:\/\/meblejasinski.pl\/#\/schema\/logo\/image\/","url":"https:\/\/meblejasinski.pl\/wp-content\/uploads\/2025\/03\/logo.gif","contentUrl":"https:\/\/meblejasinski.pl\/wp-content\/uploads\/2025\/03\/logo.gif","width":1068,"height":570,"caption":"Meble na wymiar \u0141asin, Grudzi\u0105dz, W\u0105brze\u017ano - Meble kuchenne i tapicerowane | Meble Jasi\u0144ski"},"image":{"@id":"https:\/\/meblejasinski.pl\/#\/schema\/logo\/image\/"},"sameAs":["https:\/\/www.facebook.com\/mmsklep"]}]}},"_links":{"self":[{"href":"https:\/\/meblejasinski.pl\/index.php\/wp-json\/wp\/v2\/pages\/319","targetHints":{"allow":["GET"]}}],"collection":[{"href":"https:\/\/meblejasinski.pl\/index.php\/wp-json\/wp\/v2\/pages"}],"about":[{"href":"https:\/\/meblejasinski.pl\/index.php\/wp-json\/wp\/v2\/types\/page"}],"author":[{"embeddable":true,"href":"https:\/\/meblejasinski.pl\/index.php\/wp-json\/wp\/v2\/users\/1"}],"replies":[{"embeddable":true,"href":"https:\/\/meblejasinski.pl\/index.php\/wp-json\/wp\/v2\/comments?post=319"}],"version-history":[{"count":25,"href":"https:\/\/meblejasinski.pl\/index.php\/wp-json\/wp\/v2\/pages\/319\/revisions"}],"predecessor-version":[{"id":501,"href":"https:\/\/meblejasinski.pl\/index.php\/wp-json\/wp\/v2\/pages\/319\/revisions\/501"}],"wp:attachment":[{"href":"https:\/\/meblejasinski.pl\/index.php\/wp-json\/wp\/v2\/media?parent=319"}],"curies":[{"name":"wp","href":"https:\/\/api.w.org\/{rel}","templated":true}]}}