{"id":279,"date":"2025-03-15T09:55:27","date_gmt":"2025-03-15T09:55:27","guid":{"rendered":"https:\/\/meblejasinski.pl\/?page_id=279"},"modified":"2025-04-13T07:58:59","modified_gmt":"2025-04-13T07:58:59","slug":"o-nas","status":"publish","type":"page","link":"https:\/\/meblejasinski.pl\/index.php\/o-nas\/","title":{"rendered":"O nas"},"content":{"rendered":"\t\t<div data-elementor-type=\"wp-page\" data-elementor-id=\"279\" class=\"elementor elementor-279\" data-elementor-post-type=\"page\">\n\t\t\t\t<div class=\"elementor-element elementor-element-4024105 e-con-full e-flex e-con e-parent\" data-id=\"4024105\" data-element_type=\"container\" data-e-type=\"container\">\n\t\t\t\t<div class=\"elementor-element elementor-element-719ae51 elementor--h-position-center elementor--v-position-middle elementor-widget elementor-widget-slides\" data-id=\"719ae51\" data-element_type=\"widget\" data-e-type=\"widget\" data-settings=\"{&quot;navigation&quot;:&quot;none&quot;,&quot;transition&quot;:&quot;fade&quot;,&quot;autoplay&quot;:&quot;yes&quot;,&quot;autoplay_speed&quot;:5000,&quot;infinite&quot;:&quot;yes&quot;,&quot;transition_speed&quot;:500}\" data-widget_type=\"slides.default\">\n\t\t\t\t<div class=\"elementor-widget-container\">\n\t\t\t\t\t\t\t\t\t<div class=\"elementor-swiper\">\n\t\t\t\t\t<div class=\"elementor-slides-wrapper elementor-main-swiper swiper\" role=\"region\" aria-roledescription=\"carousel\" aria-label=\"Slides1\" dir=\"ltr\" data-animation=\"zoomIn\">\n\t\t\t\t<div class=\"swiper-wrapper elementor-slides\">\n\t\t\t\t\t\t\t\t\t\t<div class=\"elementor-repeater-item-76e5c58 swiper-slide\" role=\"group\" aria-roledescription=\"slide\"><div class=\"swiper-slide-bg elementor-ken-burns elementor-ken-burns--in\" role=\"img\"><\/div><div class=\"swiper-slide-inner\" ><div class=\"swiper-slide-contents\"><\/div><\/div><\/div>\t\t\t\t<\/div>\n\t\t\t\t\t\t\t<\/div>\n\t\t\t\t<\/div>\n\t\t\t\t\t\t\t\t<\/div>\n\t\t\t\t<\/div>\n\t\t\t\t<div class=\"elementor-element elementor-element-9be1c7e elementor-widget elementor-widget-spacer\" data-id=\"9be1c7e\" data-element_type=\"widget\" data-e-type=\"widget\" data-widget_type=\"spacer.default\">\n\t\t\t\t<div class=\"elementor-widget-container\">\n\t\t\t\t\t\t\t<div class=\"elementor-spacer\">\n\t\t\t<div class=\"elementor-spacer-inner\"><\/div>\n\t\t<\/div>\n\t\t\t\t\t\t<\/div>\n\t\t\t\t<\/div>\n\t\t\t\t<\/div>\n\t\t<div class=\"elementor-element elementor-element-581e745 animated-slow e-flex e-con-boxed elementor-invisible e-con e-parent\" data-id=\"581e745\" data-element_type=\"container\" data-e-type=\"container\" data-settings=\"{&quot;animation&quot;:&quot;fadeInUp&quot;}\">\n\t\t\t\t\t<div class=\"e-con-inner\">\n\t\t\t\t<div class=\"elementor-element elementor-element-e4b8461 elementor-widget elementor-widget-heading\" data-id=\"e4b8461\" data-element_type=\"widget\" data-e-type=\"widget\" data-widget_type=\"heading.default\">\n\t\t\t\t<div class=\"elementor-widget-container\">\n\t\t\t\t\t<h2 class=\"elementor-heading-title elementor-size-default\">M&amp;M Meble \u2013 Tradycja, Jako\u015b\u0107 i Profesjonalizm<\/h2>\t\t\t\t<\/div>\n\t\t\t\t<\/div>\n\t\t\t\t\t<\/div>\n\t\t\t\t<\/div>\n\t\t<div class=\"elementor-element elementor-element-8fb036f e-flex e-con-boxed e-con e-parent\" data-id=\"8fb036f\" data-element_type=\"container\" data-e-type=\"container\">\n\t\t\t\t\t<div class=\"e-con-inner\">\n\t\t<div class=\"elementor-element elementor-element-af005cc e-con-full animated-slow e-flex elementor-invisible e-con e-child\" data-id=\"af005cc\" data-element_type=\"container\" data-e-type=\"container\" data-settings=\"{&quot;animation&quot;:&quot;fadeInLeft&quot;}\">\n\t\t\t\t<div class=\"elementor-element elementor-element-364bd09 elementor-widget elementor-widget-text-editor\" data-id=\"364bd09\" data-element_type=\"widget\" data-e-type=\"widget\" data-widget_type=\"text-editor.default\">\n\t\t\t\t<div class=\"elementor-widget-container\">\n\t\t\t\t\t\t\t\t\t<p><strong>M&amp;M Meble Marcin Jasi\u0144ski<\/strong> to firma rodzinna z ponad <strong>30-letni\u0105 tradycj\u0105<\/strong>. Od 1989 roku dostarczamy naszym klientom najwy\u017cszej jako\u015bci meble gotowe i na wymiar. Nasz salon meblowy w <strong>\u0141asinie<\/strong> oferuje szeroki wyb\u00f3r stylowych i funkcjonalnych mebli do ka\u017cdego wn\u0119trza.<\/p><p>Wsp\u00f3\u0142pracujemy zar\u00f3wno z <strong>renomowanymi producentami<\/strong>, jak i mniejszymi zak\u0142adami stolarskimi, co pozwala nam spe\u0142nia\u0107 oczekiwania nawet najbardziej wymagaj\u0105cych klient\u00f3w. Nasze meble charakteryzuj\u0105 si\u0119 <strong>solidnym wykonaniem, estetyk\u0105 i trwa\u0142o\u015bci\u0105<\/strong>.<\/p><p>\ud83d\udca1 <strong>Dlaczego warto nam zaufa\u0107?<\/strong><br \/>\u2714 Ponad <strong>400 m\u00b2 ekspozycji<\/strong> mebli gotowych i na zam\u00f3wienie<br \/>\u2714 Fachowe doradztwo i <strong>wizualizacje projekt\u00f3w<\/strong><br \/>\u2714 <strong>Dostawa i monta\u017c<\/strong> w \u0141asinie i okolicach<br \/>\u2714 <strong>Zakupy na raty<\/strong> \u2013 wygodne finansowanie<\/p><p>Zapraszamy do odwiedzenia naszego salonu i skorzystania z profesjonalnej obs\u0142ugi!<\/p>\t\t\t\t\t\t\t\t<\/div>\n\t\t\t\t<\/div>\n\t\t\t\t<\/div>\n\t\t<div class=\"elementor-element elementor-element-84af2e1 e-con-full animated-slow e-flex elementor-invisible e-con e-child\" data-id=\"84af2e1\" data-element_type=\"container\" data-e-type=\"container\" data-settings=\"{&quot;animation&quot;:&quot;fadeInRight&quot;}\">\n\t\t\t\t<div class=\"elementor-element elementor-element-f40e6e4 elementor-widget elementor-widget-image\" data-id=\"f40e6e4\" data-element_type=\"widget\" data-e-type=\"widget\" data-widget_type=\"image.default\">\n\t\t\t\t<div class=\"elementor-widget-container\">\n\t\t\t\t\t\t\t\t\t\t\t\t\t\t\t<img fetchpriority=\"high\" decoding=\"async\" width=\"682\" height=\"1024\" src=\"https:\/\/meblejasinski.pl\/wp-content\/uploads\/2025\/03\/man-5415572_1280-682x1024.jpg\" class=\"attachment-large size-large wp-image-309\" alt=\"\" srcset=\"https:\/\/meblejasinski.pl\/wp-content\/uploads\/2025\/03\/man-5415572_1280-682x1024.jpg 682w, https:\/\/meblejasinski.pl\/wp-content\/uploads\/2025\/03\/man-5415572_1280-200x300.jpg 200w, https:\/\/meblejasinski.pl\/wp-content\/uploads\/2025\/03\/man-5415572_1280-768x1152.jpg 768w, https:\/\/meblejasinski.pl\/wp-content\/uploads\/2025\/03\/man-5415572_1280.jpg 853w\" sizes=\"(max-width: 682px) 100vw, 682px\" \/>\t\t\t\t\t\t\t\t\t\t\t\t\t\t\t<\/div>\n\t\t\t\t<\/div>\n\t\t\t\t<\/div>\n\t\t\t\t\t<\/div>\n\t\t\t\t<\/div>\n\t\t\t\t<\/div>\n\t\t","protected":false},"excerpt":{"rendered":"<p>M&#038;M Meble \u2013 Tradycja, Jako\u015b\u0107 i Profesjonalizm M&amp;M Meble Marcin Jasi\u0144ski to firma rodzinna z ponad 30-letni\u0105 tradycj\u0105. Od 1989 [&hellip;]<\/p>\n","protected":false},"author":1,"featured_media":0,"parent":0,"menu_order":0,"comment_status":"closed","ping_status":"closed","template":"elementor_header_footer","meta":{"site-sidebar-layout":"no-sidebar","site-content-layout":"","ast-site-content-layout":"full-width-container","site-content-style":"default","site-sidebar-style":"default","ast-global-header-display":"","ast-banner-title-visibility":"","ast-main-header-display":"","ast-hfb-above-header-display":"","ast-hfb-below-header-display":"","ast-hfb-mobile-header-display":"","site-post-title":"disabled","ast-breadcrumbs-content":"","ast-featured-img":"disabled","footer-sml-layout":"","ast-disable-related-posts":"","theme-transparent-header-meta":"","adv-header-id-meta":"","stick-header-meta":"","header-above-stick-meta":"","header-main-stick-meta":"","header-below-stick-meta":"","astra-migrate-meta-layouts":"default","ast-page-background-enabled":"default","ast-page-background-meta":{"desktop":{"background-color":"var(--ast-global-color-5)","background-image":"","background-repeat":"repeat","background-position":"center center","background-size":"auto","background-attachment":"scroll","background-type":"","background-media":"","overlay-type":"","overlay-color":"","overlay-opacity":"","overlay-gradient":""},"tablet":{"background-color":"","background-image":"","background-repeat":"repeat","background-position":"center center","background-size":"auto","background-attachment":"scroll","background-type":"","background-media":"","overlay-type":"","overlay-color":"","overlay-opacity":"","overlay-gradient":""},"mobile":{"background-color":"","background-image":"","background-repeat":"repeat","background-position":"center center","background-size":"auto","background-attachment":"scroll","background-type":"","background-media":"","overlay-type":"","overlay-color":"","overlay-opacity":"","overlay-gradient":""}},"ast-content-background-meta":{"desktop":{"background-color":"var(--ast-global-color-4)","background-image":"","background-repeat":"repeat","background-position":"center center","background-size":"auto","background-attachment":"scroll","background-type":"","background-media":"","overlay-type":"","overlay-color":"","overlay-opacity":"","overlay-gradient":""},"tablet":{"background-color":"var(--ast-global-color-4)","background-image":"","background-repeat":"repeat","background-position":"center center","background-size":"auto","background-attachment":"scroll","background-type":"","background-media":"","overlay-type":"","overlay-color":"","overlay-opacity":"","overlay-gradient":""},"mobile":{"background-color":"var(--ast-global-color-4)","background-image":"","background-repeat":"repeat","background-position":"center center","background-size":"auto","background-attachment":"scroll","background-type":"","background-media":"","overlay-type":"","overlay-color":"","overlay-opacity":"","overlay-gradient":""}},"footnotes":""},"class_list":["post-279","page","type-page","status-publish","hentry"],"yoast_head":"<!-- This site is optimized with the Yoast SEO plugin v27.1.1 - https:\/\/yoast.com\/product\/yoast-seo-wordpress\/ -->\n<title>O nas - Meble na wymiar \u0141asin, Grudzi\u0105dz, W\u0105brze\u017ano - Meble kuchenne i tapicerowane | Meble Jasi\u0144ski<\/title>\n<meta name=\"robots\" content=\"index, follow, max-snippet:-1, max-image-preview:large, max-video-preview:-1\" \/>\n<link rel=\"canonical\" href=\"https:\/\/meblejasinski.pl\/index.php\/o-nas\/\" \/>\n<meta property=\"og:locale\" content=\"pl_PL\" \/>\n<meta property=\"og:type\" content=\"article\" \/>\n<meta property=\"og:title\" content=\"O nas - Meble na wymiar \u0141asin, Grudzi\u0105dz, W\u0105brze\u017ano - Meble kuchenne i tapicerowane | Meble Jasi\u0144ski\" \/>\n<meta property=\"og:description\" content=\"M&#038;M Meble \u2013 Tradycja, Jako\u015b\u0107 i Profesjonalizm M&amp;M Meble Marcin Jasi\u0144ski to firma rodzinna z ponad 30-letni\u0105 tradycj\u0105. Od 1989 [&hellip;]\" \/>\n<meta property=\"og:url\" content=\"https:\/\/meblejasinski.pl\/index.php\/o-nas\/\" \/>\n<meta property=\"og:site_name\" content=\"Meble na wymiar \u0141asin, Grudzi\u0105dz, W\u0105brze\u017ano - Meble kuchenne i tapicerowane | Meble Jasi\u0144ski\" \/>\n<meta property=\"article:publisher\" content=\"https:\/\/www.facebook.com\/mmsklep\" \/>\n<meta property=\"article:modified_time\" content=\"2025-04-13T07:58:59+00:00\" \/>\n<meta property=\"og:image\" content=\"https:\/\/meblejasinski.pl\/wp-content\/uploads\/2025\/03\/man-5415572_1280.jpg\" \/>\n\t<meta property=\"og:image:width\" content=\"853\" \/>\n\t<meta property=\"og:image:height\" content=\"1280\" \/>\n\t<meta property=\"og:image:type\" content=\"image\/jpeg\" \/>\n<meta name=\"twitter:card\" content=\"summary_large_image\" \/>\n<meta name=\"twitter:label1\" content=\"Szacowany czas czytania\" \/>\n\t<meta name=\"twitter:data1\" content=\"1 minuta\" \/>\n<script type=\"application\/ld+json\" class=\"yoast-schema-graph\">{\"@context\":\"https:\/\/schema.org\",\"@graph\":[{\"@type\":\"WebPage\",\"@id\":\"https:\/\/meblejasinski.pl\/index.php\/o-nas\/\",\"url\":\"https:\/\/meblejasinski.pl\/index.php\/o-nas\/\",\"name\":\"O nas - Meble na wymiar \u0141asin, Grudzi\u0105dz, W\u0105brze\u017ano - Meble kuchenne i tapicerowane | Meble Jasi\u0144ski\",\"isPartOf\":{\"@id\":\"https:\/\/meblejasinski.pl\/#website\"},\"primaryImageOfPage\":{\"@id\":\"https:\/\/meblejasinski.pl\/index.php\/o-nas\/#primaryimage\"},\"image\":{\"@id\":\"https:\/\/meblejasinski.pl\/index.php\/o-nas\/#primaryimage\"},\"thumbnailUrl\":\"https:\/\/meblejasinski.pl\/wp-content\/uploads\/2025\/03\/man-5415572_1280-682x1024.jpg\",\"datePublished\":\"2025-03-15T09:55:27+00:00\",\"dateModified\":\"2025-04-13T07:58:59+00:00\",\"breadcrumb\":{\"@id\":\"https:\/\/meblejasinski.pl\/index.php\/o-nas\/#breadcrumb\"},\"inLanguage\":\"pl-PL\",\"potentialAction\":[{\"@type\":\"ReadAction\",\"target\":[\"https:\/\/meblejasinski.pl\/index.php\/o-nas\/\"]}]},{\"@type\":\"ImageObject\",\"inLanguage\":\"pl-PL\",\"@id\":\"https:\/\/meblejasinski.pl\/index.php\/o-nas\/#primaryimage\",\"url\":\"https:\/\/meblejasinski.pl\/wp-content\/uploads\/2025\/03\/man-5415572_1280.jpg\",\"contentUrl\":\"https:\/\/meblejasinski.pl\/wp-content\/uploads\/2025\/03\/man-5415572_1280.jpg\",\"width\":853,\"height\":1280},{\"@type\":\"BreadcrumbList\",\"@id\":\"https:\/\/meblejasinski.pl\/index.php\/o-nas\/#breadcrumb\",\"itemListElement\":[{\"@type\":\"ListItem\",\"position\":1,\"name\":\"Strona g\u0142\u00f3wna\",\"item\":\"https:\/\/meblejasinski.pl\/\"},{\"@type\":\"ListItem\",\"position\":2,\"name\":\"O nas\"}]},{\"@type\":\"WebSite\",\"@id\":\"https:\/\/meblejasinski.pl\/#website\",\"url\":\"https:\/\/meblejasinski.pl\/\",\"name\":\"Meble na wymiar \u0141asin, Grudzi\u0105dz, W\u0105brze\u017ano - Meble kuchenne i tapicerowane | Meble Jasi\u0144ski\",\"description\":\"Sklep meblowy M&amp;M \u0141asin MArcin Jasi\u0144ski\",\"publisher\":{\"@id\":\"https:\/\/meblejasinski.pl\/#organization\"},\"potentialAction\":[{\"@type\":\"SearchAction\",\"target\":{\"@type\":\"EntryPoint\",\"urlTemplate\":\"https:\/\/meblejasinski.pl\/?s={search_term_string}\"},\"query-input\":{\"@type\":\"PropertyValueSpecification\",\"valueRequired\":true,\"valueName\":\"search_term_string\"}}],\"inLanguage\":\"pl-PL\"},{\"@type\":\"Organization\",\"@id\":\"https:\/\/meblejasinski.pl\/#organization\",\"name\":\"Meble na wymiar \u0141asin, Grudzi\u0105dz, W\u0105brze\u017ano - Meble kuchenne i tapicerowane | Meble Jasi\u0144ski\",\"url\":\"https:\/\/meblejasinski.pl\/\",\"logo\":{\"@type\":\"ImageObject\",\"inLanguage\":\"pl-PL\",\"@id\":\"https:\/\/meblejasinski.pl\/#\/schema\/logo\/image\/\",\"url\":\"https:\/\/meblejasinski.pl\/wp-content\/uploads\/2025\/03\/logo.gif\",\"contentUrl\":\"https:\/\/meblejasinski.pl\/wp-content\/uploads\/2025\/03\/logo.gif\",\"width\":1068,\"height\":570,\"caption\":\"Meble na wymiar \u0141asin, Grudzi\u0105dz, W\u0105brze\u017ano - Meble kuchenne i tapicerowane | Meble Jasi\u0144ski\"},\"image\":{\"@id\":\"https:\/\/meblejasinski.pl\/#\/schema\/logo\/image\/\"},\"sameAs\":[\"https:\/\/www.facebook.com\/mmsklep\"]}]}<\/script>\n<!-- \/ Yoast SEO plugin. -->","yoast_head_json":{"title":"O nas - Meble na wymiar \u0141asin, Grudzi\u0105dz, W\u0105brze\u017ano - Meble kuchenne i tapicerowane | Meble Jasi\u0144ski","robots":{"index":"index","follow":"follow","max-snippet":"max-snippet:-1","max-image-preview":"max-image-preview:large","max-video-preview":"max-video-preview:-1"},"canonical":"https:\/\/meblejasinski.pl\/index.php\/o-nas\/","og_locale":"pl_PL","og_type":"article","og_title":"O nas - Meble na wymiar \u0141asin, Grudzi\u0105dz, W\u0105brze\u017ano - Meble kuchenne i tapicerowane | Meble Jasi\u0144ski","og_description":"M&#038;M Meble \u2013 Tradycja, Jako\u015b\u0107 i Profesjonalizm M&amp;M Meble Marcin Jasi\u0144ski to firma rodzinna z ponad 30-letni\u0105 tradycj\u0105. Od 1989 [&hellip;]","og_url":"https:\/\/meblejasinski.pl\/index.php\/o-nas\/","og_site_name":"Meble na wymiar \u0141asin, Grudzi\u0105dz, W\u0105brze\u017ano - Meble kuchenne i tapicerowane | Meble Jasi\u0144ski","article_publisher":"https:\/\/www.facebook.com\/mmsklep","article_modified_time":"2025-04-13T07:58:59+00:00","og_image":[{"width":853,"height":1280,"url":"https:\/\/meblejasinski.pl\/wp-content\/uploads\/2025\/03\/man-5415572_1280.jpg","type":"image\/jpeg"}],"twitter_card":"summary_large_image","twitter_misc":{"Szacowany czas czytania":"1 minuta"},"schema":{"@context":"https:\/\/schema.org","@graph":[{"@type":"WebPage","@id":"https:\/\/meblejasinski.pl\/index.php\/o-nas\/","url":"https:\/\/meblejasinski.pl\/index.php\/o-nas\/","name":"O nas - Meble na wymiar \u0141asin, Grudzi\u0105dz, W\u0105brze\u017ano - Meble kuchenne i tapicerowane | Meble Jasi\u0144ski","isPartOf":{"@id":"https:\/\/meblejasinski.pl\/#website"},"primaryImageOfPage":{"@id":"https:\/\/meblejasinski.pl\/index.php\/o-nas\/#primaryimage"},"image":{"@id":"https:\/\/meblejasinski.pl\/index.php\/o-nas\/#primaryimage"},"thumbnailUrl":"https:\/\/meblejasinski.pl\/wp-content\/uploads\/2025\/03\/man-5415572_1280-682x1024.jpg","datePublished":"2025-03-15T09:55:27+00:00","dateModified":"2025-04-13T07:58:59+00:00","breadcrumb":{"@id":"https:\/\/meblejasinski.pl\/index.php\/o-nas\/#breadcrumb"},"inLanguage":"pl-PL","potentialAction":[{"@type":"ReadAction","target":["https:\/\/meblejasinski.pl\/index.php\/o-nas\/"]}]},{"@type":"ImageObject","inLanguage":"pl-PL","@id":"https:\/\/meblejasinski.pl\/index.php\/o-nas\/#primaryimage","url":"https:\/\/meblejasinski.pl\/wp-content\/uploads\/2025\/03\/man-5415572_1280.jpg","contentUrl":"https:\/\/meblejasinski.pl\/wp-content\/uploads\/2025\/03\/man-5415572_1280.jpg","width":853,"height":1280},{"@type":"BreadcrumbList","@id":"https:\/\/meblejasinski.pl\/index.php\/o-nas\/#breadcrumb","itemListElement":[{"@type":"ListItem","position":1,"name":"Strona g\u0142\u00f3wna","item":"https:\/\/meblejasinski.pl\/"},{"@type":"ListItem","position":2,"name":"O nas"}]},{"@type":"WebSite","@id":"https:\/\/meblejasinski.pl\/#website","url":"https:\/\/meblejasinski.pl\/","name":"Meble na wymiar \u0141asin, Grudzi\u0105dz, W\u0105brze\u017ano - Meble kuchenne i tapicerowane | Meble Jasi\u0144ski","description":"Sklep meblowy M&amp;M \u0141asin MArcin Jasi\u0144ski","publisher":{"@id":"https:\/\/meblejasinski.pl\/#organization"},"potentialAction":[{"@type":"SearchAction","target":{"@type":"EntryPoint","urlTemplate":"https:\/\/meblejasinski.pl\/?s={search_term_string}"},"query-input":{"@type":"PropertyValueSpecification","valueRequired":true,"valueName":"search_term_string"}}],"inLanguage":"pl-PL"},{"@type":"Organization","@id":"https:\/\/meblejasinski.pl\/#organization","name":"Meble na wymiar \u0141asin, Grudzi\u0105dz, W\u0105brze\u017ano - Meble kuchenne i tapicerowane | Meble Jasi\u0144ski","url":"https:\/\/meblejasinski.pl\/","logo":{"@type":"ImageObject","inLanguage":"pl-PL","@id":"https:\/\/meblejasinski.pl\/#\/schema\/logo\/image\/","url":"https:\/\/meblejasinski.pl\/wp-content\/uploads\/2025\/03\/logo.gif","contentUrl":"https:\/\/meblejasinski.pl\/wp-content\/uploads\/2025\/03\/logo.gif","width":1068,"height":570,"caption":"Meble na wymiar \u0141asin, Grudzi\u0105dz, W\u0105brze\u017ano - Meble kuchenne i tapicerowane | Meble Jasi\u0144ski"},"image":{"@id":"https:\/\/meblejasinski.pl\/#\/schema\/logo\/image\/"},"sameAs":["https:\/\/www.facebook.com\/mmsklep"]}]}},"_links":{"self":[{"href":"https:\/\/meblejasinski.pl\/index.php\/wp-json\/wp\/v2\/pages\/279","targetHints":{"allow":["GET"]}}],"collection":[{"href":"https:\/\/meblejasinski.pl\/index.php\/wp-json\/wp\/v2\/pages"}],"about":[{"href":"https:\/\/meblejasinski.pl\/index.php\/wp-json\/wp\/v2\/types\/page"}],"author":[{"embeddable":true,"href":"https:\/\/meblejasinski.pl\/index.php\/wp-json\/wp\/v2\/users\/1"}],"replies":[{"embeddable":true,"href":"https:\/\/meblejasinski.pl\/index.php\/wp-json\/wp\/v2\/comments?post=279"}],"version-history":[{"count":34,"href":"https:\/\/meblejasinski.pl\/index.php\/wp-json\/wp\/v2\/pages\/279\/revisions"}],"predecessor-version":[{"id":504,"href":"https:\/\/meblejasinski.pl\/index.php\/wp-json\/wp\/v2\/pages\/279\/revisions\/504"}],"wp:attachment":[{"href":"https:\/\/meblejasinski.pl\/index.php\/wp-json\/wp\/v2\/media?parent=279"}],"curies":[{"name":"wp","href":"https:\/\/api.w.org\/{rel}","templated":true}]}}